{"id":1958,"date":"2020-05-07T08:35:38","date_gmt":"2020-05-07T06:35:38","guid":{"rendered":"http:\/\/localhost\/theratio\/?page_id=1958"},"modified":"2021-03-02T11:53:35","modified_gmt":"2021-03-02T10:53:35","slug":"azienda","status":"publish","type":"page","link":"https:\/\/www.primiceramiche.com\/it\/azienda\/","title":{"rendered":"Azienda"},"content":{"rendered":"\t\t<div data-elementor-type=\"wp-page\" data-elementor-id=\"1958\" class=\"elementor elementor-1958\" data-elementor-settings=\"[]\">\n\t\t\t\t\t\t\t<div class=\"elementor-section-wrap\">\n\t\t\t\t\t\t\t<section class=\"elementor-section elementor-top-section elementor-element elementor-element-71478c9 elementor-section-content-middle has-lines-vertical elementor-reverse-tablet elementor-reverse-mobile has-lines-vertical-center elementor-section-boxed elementor-section-height-default elementor-section-height-default\" data-id=\"71478c9\" data-element_type=\"section\" data-settings=\"{&quot;background_background&quot;:&quot;classic&quot;}\">\n\t\t\t\t\t\t<div class=\"elementor-container elementor-column-gap-extended\">\n\t\t\t\t\t<div class=\"elementor-column elementor-col-50 elementor-top-column elementor-element elementor-element-30c2017 ot-flex-column-vertical\" data-id=\"30c2017\" data-element_type=\"column\">\n\t\t\t<div class=\"elementor-widget-wrap elementor-element-populated\">\n\t\t\t\t\t\t\t\t<div class=\"elementor-element elementor-element-52ad67f elementor-widget elementor-widget-image\" data-id=\"52ad67f\" data-element_type=\"widget\" data-widget_type=\"image.default\">\n\t\t\t\t<div class=\"elementor-widget-container\">\n\t\t\t\t\t<div class=\"elementor-image\">\n\t\t\t\t\t\t\t\t\t\t<img width=\"716\" height=\"716\" src=\"https:\/\/www.primiceramiche.com\/wp-content\/uploads\/2021\/03\/primi-home-2.png\" class=\"attachment-full size-full\" alt=\"\" loading=\"lazy\" srcset=\"https:\/\/www.primiceramiche.com\/wp-content\/uploads\/2021\/03\/primi-home-2.png 716w, https:\/\/www.primiceramiche.com\/wp-content\/uploads\/2021\/03\/primi-home-2-600x600.png 600w, https:\/\/www.primiceramiche.com\/wp-content\/uploads\/2021\/03\/primi-home-2-150x150.png 150w\" sizes=\"(max-width: 716px) 100vw, 716px\" \/>\t\t\t\t\t\t\t\t\t\t\t<\/div>\n\t\t\t\t<\/div>\n\t\t\t\t<\/div>\n\t\t\t\t\t<\/div>\n\t\t<\/div>\n\t\t\t\t<div class=\"elementor-column elementor-col-50 elementor-top-column elementor-element elementor-element-e21f20a ot-flex-column-vertical\" data-id=\"e21f20a\" data-element_type=\"column\">\n\t\t\t<div class=\"elementor-widget-wrap elementor-element-populated\">\n\t\t\t\t\t\t\t\t<div class=\"elementor-element elementor-element-9129186 elementor-widget elementor-widget-iheading\" data-id=\"9129186\" data-element_type=\"widget\" data-widget_type=\"iheading.default\">\n\t\t\t\t<div class=\"elementor-widget-container\">\n\t\t\t\t\t<div class=\"ot-heading is-dots\">\r\n\t        \t            <span>passione e professionalit\u00e0<\/span>\r\n\t        \t        <h2 class=\"main-heading\">Eccellenza italiana<\/h2>\r\n\t        \t    <\/div>\r\n\t    \t\t<\/div>\n\t\t\t\t<\/div>\n\t\t\t\t<div class=\"elementor-element elementor-element-38164f1 elementor-widget elementor-widget-text-editor\" data-id=\"38164f1\" data-element_type=\"widget\" data-widget_type=\"text-editor.default\">\n\t\t\t\t<div class=\"elementor-widget-container\">\n\t\t\t\t\t<div class=\"elementor-text-editor elementor-clearfix\"><p>Dal 1976 <strong>Expo Casa<\/strong> \u00e8 presente in oltre 20 paesi in tutto il mondo e il proprio <strong>brand Primi Ceramiche<\/strong> \u00e8 riconosciuto come sinonimo di <strong>eccellenza<\/strong> e stile nel segmento <strong>pavimenti<\/strong> e <strong>rivestimenti porcellanati<\/strong>.<br \/>Tutti i prodotti oltre ad essere caratterizzati da un <strong>design distintivo<\/strong> sono <strong>realizzati<\/strong> con il <strong>massimo rigore<\/strong> e vengono sottoposti a severi <strong>controlli di qualit\u00e0<\/strong>. Dalla progettazione fino alla distribuzione <strong>controlliamo l\u2019intera filiera produttiva<\/strong>, grazie a questa scelta possiamo essere certi di offrire il meglio ai nostri clienti.<br \/>Una costante attitudine alla ricerca, la capacit\u00e0 di interpretare le esigenze del mercato mondiale e le evoluzioni <strong>dell\u2019abitare<\/strong>, <strong>dell\u2019architettura<\/strong> e del <strong>design, <\/strong>sono questi gli elementi che distinguono un <strong>brand dallo stile tutto italiano<\/strong>.<\/p><\/div>\n\t\t\t\t<\/div>\n\t\t\t\t<\/div>\n\t\t\t\t<div class=\"elementor-element elementor-element-5022490 elementor-align-left elementor-widget elementor-widget-button\" data-id=\"5022490\" data-element_type=\"widget\" data-widget_type=\"button.default\">\n\t\t\t\t<div class=\"elementor-widget-container\">\n\t\t\t\t\t<div class=\"elementor-button-wrapper\">\n\t\t\t<a href=\"\/collezioni\" class=\"elementor-button-link elementor-button elementor-size-md\" role=\"button\">\n\t\t\t\t\t\t<span class=\"elementor-button-content-wrapper\">\n\t\t\t\t\t\t<span class=\"elementor-button-text\">PROGETTI<\/span>\n\t\t<\/span>\n\t\t\t\t\t<\/a>\n\t\t<\/div>\n\t\t\t\t<\/div>\n\t\t\t\t<\/div>\n\t\t\t\t\t<\/div>\n\t\t<\/div>\n\t\t\t\t\t\t\t<\/div>\n\t\t<\/section>\n\t\t\t\t<section class=\"elementor-section elementor-top-section elementor-element elementor-element-a885e6e has-lines-vertical elementor-section-boxed elementor-section-height-default elementor-section-height-default no-lines-vertical-center\" data-id=\"a885e6e\" data-element_type=\"section\" data-settings=\"{&quot;background_background&quot;:&quot;classic&quot;}\">\n\t\t\t\t\t\t<div class=\"elementor-container elementor-column-gap-default\">\n\t\t\t\t\t<div class=\"elementor-column elementor-col-100 elementor-top-column elementor-element elementor-element-80dda1e ot-flex-column-vertical\" data-id=\"80dda1e\" data-element_type=\"column\">\n\t\t\t<div class=\"elementor-widget-wrap elementor-element-populated\">\n\t\t\t\t\t\t\t\t<div class=\"elementor-element elementor-element-04ddae5 theratio-align-center elementor-widget elementor-widget-iheading\" data-id=\"04ddae5\" data-element_type=\"widget\" data-widget_type=\"iheading.default\">\n\t\t\t\t<div class=\"elementor-widget-container\">\n\t\t\t\t\t<div class=\"ot-heading is-dots\">\r\n\t        \t        <h2 class=\"main-heading\">Perch\u00e8 scegliere il nostro brand<\/h2>\r\n\t        \t    <\/div>\r\n\t    \t\t<\/div>\n\t\t\t\t<\/div>\n\t\t\t\t<section class=\"elementor-section elementor-inner-section elementor-element elementor-element-b820fc7 elementor-section-full_width elementor-section-height-default elementor-section-height-default\" data-id=\"b820fc7\" data-element_type=\"section\">\n\t\t\t\t\t\t<div class=\"elementor-container elementor-column-gap-extended\">\n\t\t\t\t\t<div class=\"elementor-column elementor-col-33 elementor-inner-column elementor-element elementor-element-33a2c31 ot-flex-column-vertical\" data-id=\"33a2c31\" data-element_type=\"column\">\n\t\t\t<div class=\"elementor-widget-wrap elementor-element-populated\">\n\t\t\t\t\t\t\t\t<div class=\"elementor-element elementor-element-43416c5 elementor-widget elementor-widget-iflip_box\" data-id=\"43416c5\" data-element_type=\"widget\" data-widget_type=\"iflip_box.default\">\n\t\t\t\t<div class=\"elementor-widget-container\">\n\t\t\t\r\n\t\t<div class=\"support-box\">\r\n\t\t\t<div class=\"inner-box\">\r\n\t\t\t\t<div class=\"overlay flex-middle\">\r\n\t\t\t\t\t<div class=\"inner\">\r\n\t\t\t\t\t\t<p>L'ideazione e  il design delle  collezioni vengono coordinate in Italia direttamente dal nostro centro stile. Passione e ingegno!<\/p>\r\n\t\t\t\t\t<\/div>\r\n\t\t\t\t<\/div>\r\n\t\t\t\t<div class=\"content-box\">\r\n\t\t\t\t\t<div class=\"icon-title\">\r\n\t\t\t\t        \t\t\t\t        <span class=\"\"><\/span>\t\t\t\t        <h5><\/h5>\r\n\t\t\t        <\/div>\r\n\t\t\t\t\t<img width=\"370\" height=\"370\" src=\"https:\/\/www.primiceramiche.com\/wp-content\/uploads\/2021\/03\/primi-azienda-box1-design-stile.jpg\" class=\"attachment-full size-full\" alt=\"\" loading=\"lazy\" srcset=\"https:\/\/www.primiceramiche.com\/wp-content\/uploads\/2021\/03\/primi-azienda-box1-design-stile.jpg 370w, https:\/\/www.primiceramiche.com\/wp-content\/uploads\/2021\/03\/primi-azienda-box1-design-stile-150x150.jpg 150w\" sizes=\"(max-width: 370px) 100vw, 370px\" \/>\t\t\t\t<\/div>\r\n\t\t\t<\/div>\r\n\t    <\/div>\r\n\r\n\t    \t\t<\/div>\n\t\t\t\t<\/div>\n\t\t\t\t\t<\/div>\n\t\t<\/div>\n\t\t\t\t<div class=\"elementor-column elementor-col-33 elementor-inner-column elementor-element elementor-element-d8acae6 ot-flex-column-vertical\" data-id=\"d8acae6\" data-element_type=\"column\">\n\t\t\t<div class=\"elementor-widget-wrap elementor-element-populated\">\n\t\t\t\t\t\t\t\t<div class=\"elementor-element elementor-element-670ad0b elementor-widget elementor-widget-iflip_box\" data-id=\"670ad0b\" data-element_type=\"widget\" data-widget_type=\"iflip_box.default\">\n\t\t\t\t<div class=\"elementor-widget-container\">\n\t\t\t\r\n\t\t<div class=\"support-box\">\r\n\t\t\t<div class=\"inner-box\">\r\n\t\t\t\t<div class=\"overlay flex-middle\">\r\n\t\t\t\t\t<div class=\"inner\">\r\n\t\t\t\t\t\t<p>Controllo della filiera produttiva, qualit\u00e0 ed efficienza: valori che caratterizzano un prodotto eccellente<\/p>\r\n\t\t\t\t\t<\/div>\r\n\t\t\t\t<\/div>\r\n\t\t\t\t<div class=\"content-box\">\r\n\t\t\t\t\t<div class=\"icon-title\">\r\n\t\t\t\t        \t\t\t\t        <span class=\"\"><\/span>\t\t\t\t        <h5><\/h5>\r\n\t\t\t        <\/div>\r\n\t\t\t\t\t<img width=\"370\" height=\"370\" src=\"https:\/\/www.primiceramiche.com\/wp-content\/uploads\/2021\/03\/primi-azienda-box2-qualita.jpg\" class=\"attachment-full size-full\" alt=\"\" loading=\"lazy\" srcset=\"https:\/\/www.primiceramiche.com\/wp-content\/uploads\/2021\/03\/primi-azienda-box2-qualita.jpg 370w, https:\/\/www.primiceramiche.com\/wp-content\/uploads\/2021\/03\/primi-azienda-box2-qualita-150x150.jpg 150w\" sizes=\"(max-width: 370px) 100vw, 370px\" \/>\t\t\t\t<\/div>\r\n\t\t\t<\/div>\r\n\t    <\/div>\r\n\r\n\t    \t\t<\/div>\n\t\t\t\t<\/div>\n\t\t\t\t\t<\/div>\n\t\t<\/div>\n\t\t\t\t<div class=\"elementor-column elementor-col-33 elementor-inner-column elementor-element elementor-element-58b2164 ot-flex-column-vertical\" data-id=\"58b2164\" data-element_type=\"column\">\n\t\t\t<div class=\"elementor-widget-wrap elementor-element-populated\">\n\t\t\t\t\t\t\t\t<div class=\"elementor-element elementor-element-bb36af6 elementor-widget elementor-widget-iflip_box\" data-id=\"bb36af6\" data-element_type=\"widget\" data-widget_type=\"iflip_box.default\">\n\t\t\t\t<div class=\"elementor-widget-container\">\n\t\t\t\r\n\t\t<div class=\"support-box\">\r\n\t\t\t<div class=\"inner-box\">\r\n\t\t\t\t<div class=\"overlay flex-middle\">\r\n\t\t\t\t\t<div class=\"inner\">\r\n\t\t\t\t\t\t<p>Per i progetti pi\u00f9 ambiziosi proponiamo la Linea Mosaic, soluzioni personalizzate e prodotte su richiesta<\/p>\r\n\t\t\t\t\t<\/div>\r\n\t\t\t\t<\/div>\r\n\t\t\t\t<div class=\"content-box\">\r\n\t\t\t\t\t<div class=\"icon-title\">\r\n\t\t\t\t        \t\t\t\t        <span class=\"\"><\/span>\t\t\t\t        <h5><\/h5>\r\n\t\t\t        <\/div>\r\n\t\t\t\t\t<img width=\"370\" height=\"370\" src=\"https:\/\/www.primiceramiche.com\/wp-content\/uploads\/2021\/03\/primi-azienda-box3-custom.jpg\" class=\"attachment-full size-full\" alt=\"\" loading=\"lazy\" srcset=\"https:\/\/www.primiceramiche.com\/wp-content\/uploads\/2021\/03\/primi-azienda-box3-custom.jpg 370w, https:\/\/www.primiceramiche.com\/wp-content\/uploads\/2021\/03\/primi-azienda-box3-custom-150x150.jpg 150w\" sizes=\"(max-width: 370px) 100vw, 370px\" \/>\t\t\t\t<\/div>\r\n\t\t\t<\/div>\r\n\t    <\/div>\r\n\r\n\t    \t\t<\/div>\n\t\t\t\t<\/div>\n\t\t\t\t\t<\/div>\n\t\t<\/div>\n\t\t\t\t\t\t\t<\/div>\n\t\t<\/section>\n\t\t\t\t\t<\/div>\n\t\t<\/div>\n\t\t\t\t\t\t\t<\/div>\n\t\t<\/section>\n\t\t\t\t<section class=\"elementor-section elementor-top-section elementor-element elementor-element-bf7cf84 has-lines-vertical elementor-section-boxed elementor-section-height-default elementor-section-height-default no-lines-vertical-center\" data-id=\"bf7cf84\" data-element_type=\"section\" data-settings=\"{&quot;background_background&quot;:&quot;classic&quot;}\">\n\t\t\t\t\t\t<div class=\"elementor-container elementor-column-gap-default\">\n\t\t\t\t\t<div class=\"elementor-column elementor-col-100 elementor-top-column elementor-element elementor-element-c5c60f9 ot-flex-column-vertical\" data-id=\"c5c60f9\" data-element_type=\"column\">\n\t\t\t<div class=\"elementor-widget-wrap elementor-element-populated\">\n\t\t\t\t\t\t\t\t<div class=\"elementor-element elementor-element-3c14091 elementor-widget elementor-widget-heading\" data-id=\"3c14091\" data-element_type=\"widget\" data-widget_type=\"heading.default\">\n\t\t\t\t<div class=\"elementor-widget-container\">\n\t\t\t<h3 class=\"elementor-heading-title elementor-size-default\">Scrivici per avere maggiori informazioni<\/h3>\t\t<\/div>\n\t\t\t\t<\/div>\n\t\t\t\t<div class=\"elementor-element elementor-element-5c8e94f elementor-widget elementor-widget-theratio-ctf7\" data-id=\"5c8e94f\" data-element_type=\"widget\" data-widget_type=\"theratio-ctf7.default\">\n\t\t\t\t<div class=\"elementor-widget-container\">\n\t\t\t<div class=\"elementor-shortcode theratio-cf7-0\"><div role=\"form\" class=\"wpcf7\" id=\"wpcf7-f4846-o1\" lang=\"it-IT\" dir=\"ltr\">\n<div class=\"screen-reader-response\"><p role=\"status\" aria-live=\"polite\" aria-atomic=\"true\"><\/p> <ul><\/ul><\/div>\n<form action=\"\/it\/wp-json\/wp\/v2\/pages\/1958#wpcf7-f4846-o1\" method=\"post\" class=\"wpcf7-form init\" novalidate=\"novalidate\" data-status=\"init\">\n<div style=\"display: none;\">\n<input type=\"hidden\" name=\"_wpcf7\" value=\"4846\" \/>\n<input type=\"hidden\" name=\"_wpcf7_version\" value=\"5.5.2\" \/>\n<input type=\"hidden\" name=\"_wpcf7_locale\" value=\"it_IT\" \/>\n<input type=\"hidden\" name=\"_wpcf7_unit_tag\" value=\"wpcf7-f4846-o1\" \/>\n<input type=\"hidden\" name=\"_wpcf7_container_post\" value=\"0\" \/>\n<input type=\"hidden\" name=\"_wpcf7_posted_data_hash\" value=\"\" \/>\n<input type=\"hidden\" name=\"_wpcf7_recaptcha_response\" value=\"\" \/>\n<\/div>\n<div class=\"cf7-cap\">\n<p>Nome e Cognome <span class=\"form-req\">*<\/span><br \/>\n    <span class=\"wpcf7-form-control-wrap your-name\"><input type=\"text\" name=\"your-name\" value=\"\" size=\"40\" class=\"wpcf7-form-control wpcf7-text wpcf7-validates-as-required\" aria-required=\"true\" aria-invalid=\"false\" \/><\/span> <\/p>\n<\/div>\n<div class=\"cf7-cap\">\n<p>La tua email <span class=\"form-req\">*<\/span><br \/>\n    <span class=\"wpcf7-form-control-wrap your-email\"><input type=\"email\" name=\"your-email\" value=\"\" size=\"40\" class=\"wpcf7-form-control wpcf7-text wpcf7-email wpcf7-validates-as-required wpcf7-validates-as-email\" aria-required=\"true\" aria-invalid=\"false\" \/><\/span> <\/p>\n<\/div>\n<div class=\"cf7-cap\">\n<p>Telefono <span class=\"form-req\">*<\/span><br \/>\n    <span class=\"wpcf7-form-control-wrap your-tel\"><input type=\"tel\" name=\"your-tel\" value=\"\" size=\"40\" class=\"wpcf7-form-control wpcf7-text wpcf7-tel wpcf7-validates-as-required wpcf7-validates-as-tel\" aria-required=\"true\" aria-invalid=\"false\" \/><\/span> <\/p>\n<\/div>\n<p>Il tuo messaggio <span class=\"form-req\">*<\/span><br \/>\n    <span class=\"wpcf7-form-control-wrap your-message\"><textarea name=\"your-message\" cols=\"40\" rows=\"10\" class=\"wpcf7-form-control wpcf7-textarea wpcf7-validates-as-required\" aria-required=\"true\" aria-invalid=\"false\"><\/textarea><\/span> <\/p>\n<p class=\"field acpt\"><span class=\"wpcf7-form-control-wrap acceptance\"><span class=\"wpcf7-form-control wpcf7-acceptance\"><span class=\"wpcf7-list-item\"><input type=\"checkbox\" name=\"acceptance\" value=\"1\" aria-invalid=\"false\" \/><\/span><\/span><\/span> Accetto termini e condizioni per il <a target=\"_blank\" href=\"\/trattamento-dati-personali\" title=\"Informativa sul trattamento dei dati personali\">trattamento della privacy<\/a>.<\/p>\n<p class=\"field acpt cons\">Acconsento al trattamento dei dati per l'invio di proposte e di comunicazioni a carattere commerciale, da parte di Primi.<br \/>\n<span class=\"wpcf7-form-control-wrap commerciale\"><span class=\"wpcf7-form-control wpcf7-checkbox wpcf7-exclusive-checkbox\"><span class=\"wpcf7-list-item first\"><label><input type=\"checkbox\" name=\"commerciale\" value=\"ACCETTO\" \/><span class=\"wpcf7-list-item-label\">ACCETTO<\/span><\/label><\/span><span class=\"wpcf7-list-item last\"><label><input type=\"checkbox\" name=\"commerciale\" value=\"NON ACCETTO\" \/><span class=\"wpcf7-list-item-label\">NON ACCETTO<\/span><\/label><\/span><\/span><\/span><\/p>\n<div class=\"cf7-cap-l\">&nbsp;<\/div>\n<div class=\"cf7-cap-r\"><input type=\"submit\" value=\"Invia\" class=\"wpcf7-form-control has-spinner wpcf7-submit\" \/><\/div>\n<div style=\"clear:both\"><\/div>\n<style>\n.wpcf7 { margin-bottom:0.5em; }\n.cf7-cap { float:left; width:100%; }\n.cf7-cap-l, .cf7-cap-r { float:left; width:49%; }\n.cf7-cap-r { margin-left:1%; }\n.cf7-cap-l { margin-right:1%; }\n.wpcf7-submit { float:right !important; }\n.form-req { color:red; }\n.wpcf7 textarea { width:100% !important; height:40px; }\n.wpcf7-submit:disabled { opacity:0.5; cursor:not-allowed !important; }\n.wpcf7 .acpt input { width:auto !important; height:auto !important; margin-right:5px; }\n.wpcf7 .acpt span { width:auto !important; display:inline-block; }\n.wpcf7 .cons { margin-bottom:15px; }\n.wpcf7 .acpt input, .wpcf7 .cons input, .wpcf7 .acpt label, .wpcf7 .cons label { cursor:pointer; }\n@media screen and (max-width:567px) {\n.cf7-cap-l, .cf7-cap-r { width:100%; }\n.cf7-cap-r { margin-left:0; }\n.cf7-cap-l { margin-right:0; }\ninput.wpcf7-submit { margin-top:20px !important; }\n}\n<\/style>\n<div class=\"wpcf7-response-output\" aria-hidden=\"true\"><\/div><\/form><\/div><\/div>\t\t<\/div>\n\t\t\t\t<\/div>\n\t\t\t\t\t<\/div>\n\t\t<\/div>\n\t\t\t\t\t\t\t<\/div>\n\t\t<\/section>\n\t\t\t\t\t\t<\/div>\n\t\t\t\t\t<\/div>\n\t\t","protected":false},"excerpt":{"rendered":"<p>passione e professionalit\u00e0 Eccellenza italiana Dal 1976 Expo Casa \u00e8 presente in oltre 20 paesi in tutto il mondo e il proprio brand Primi Ceramiche \u00e8 riconosciuto come sinonimo di eccellenza e stile nel segmento pavimenti e rivestimenti porcellanati.Tutti i prodotti oltre ad essere caratterizzati da un design distintivo sono realizzati con il massimo rigore [&hellip;]<\/p>\n","protected":false},"author":1,"featured_media":0,"parent":0,"menu_order":0,"comment_status":"closed","ping_status":"closed","template":"","meta":[],"_links":{"self":[{"href":"https:\/\/www.primiceramiche.com\/it\/wp-json\/wp\/v2\/pages\/1958"}],"collection":[{"href":"https:\/\/www.primiceramiche.com\/it\/wp-json\/wp\/v2\/pages"}],"about":[{"href":"https:\/\/www.primiceramiche.com\/it\/wp-json\/wp\/v2\/types\/page"}],"author":[{"embeddable":true,"href":"https:\/\/www.primiceramiche.com\/it\/wp-json\/wp\/v2\/users\/1"}],"replies":[{"embeddable":true,"href":"https:\/\/www.primiceramiche.com\/it\/wp-json\/wp\/v2\/comments?post=1958"}],"version-history":[{"count":131,"href":"https:\/\/www.primiceramiche.com\/it\/wp-json\/wp\/v2\/pages\/1958\/revisions"}],"predecessor-version":[{"id":6118,"href":"https:\/\/www.primiceramiche.com\/it\/wp-json\/wp\/v2\/pages\/1958\/revisions\/6118"}],"wp:attachment":[{"href":"https:\/\/www.primiceramiche.com\/it\/wp-json\/wp\/v2\/media?parent=1958"}],"curies":[{"name":"wp","href":"https:\/\/api.w.org\/{rel}","templated":true}]}}